{"id":370,"date":"2026-05-20T14:25:41","date_gmt":"2026-05-20T12:25:41","guid":{"rendered":"https:\/\/bottnafjordenssamhallsforening.se\/beresam\/?page_id=370"},"modified":"2026-06-22T12:03:29","modified_gmt":"2026-06-22T10:03:29","slug":"podden","status":"publish","type":"page","link":"https:\/\/bottnafjordenssamhallsforening.se\/beresam\/podden\/","title":{"rendered":"Podden"},"content":{"rendered":"\n<h5 class=\"wp-block-heading has-text-align-left\">Mellan oss kring Bottnafjorden<\/h5>\n\n\n\n<div class=\"wp-block-group has-global-padding is-layout-constrained wp-block-group-is-layout-constrained\">\n<div class=\"wp-block-media-text alignwide is-stacked-on-mobile is-vertically-aligned-top has-tertiary-background-color has-background\" style=\"padding-top:var(--wp--preset--spacing--20);padding-right:var(--wp--preset--spacing--20);padding-bottom:var(--wp--preset--spacing--20);padding-left:var(--wp--preset--spacing--20);grid-template-columns:61% auto\"><figure class=\"wp-block-media-text__media\"><img loading=\"lazy\" decoding=\"async\" width=\"1024\" height=\"1024\" src=\"https:\/\/bottnafjordenssamhallsforening.se\/beresam\/wp-content\/uploads\/2026\/06\/Mellan-oss-Tandem-26-1024x1024.jpg\" alt=\"\" class=\"wp-image-458 size-full\" srcset=\"https:\/\/bottnafjordenssamhallsforening.se\/beresam\/wp-content\/uploads\/2026\/06\/Mellan-oss-Tandem-26-1024x1024.jpg 1024w, https:\/\/bottnafjordenssamhallsforening.se\/beresam\/wp-content\/uploads\/2026\/06\/Mellan-oss-Tandem-26-300x300.jpg 300w, https:\/\/bottnafjordenssamhallsforening.se\/beresam\/wp-content\/uploads\/2026\/06\/Mellan-oss-Tandem-26-150x150.jpg 150w, https:\/\/bottnafjordenssamhallsforening.se\/beresam\/wp-content\/uploads\/2026\/06\/Mellan-oss-Tandem-26-768x768.jpg 768w, https:\/\/bottnafjordenssamhallsforening.se\/beresam\/wp-content\/uploads\/2026\/06\/Mellan-oss-Tandem-26.jpg 1240w\" sizes=\"auto, (max-width: 1024px) 100vw, 1024px\" \/><\/figure><div class=\"wp-block-media-text__content\">\n<p class=\"wp-block-paragraph\">I podden tr\u00e4ffar vi m\u00e4nniskor i bygden runt Bottnafjorden f\u00f6r att f\u00e5nga kunskaper och erfarenheter kring beredskap, resiliens och h\u00e5llbara lokalsamh\u00e4llen.<\/p>\n<\/div><\/div>\n\n\n\n<p class=\"wp-block-paragraph\">De f\u00f6rsta avsnitten tar avstamp i projektet Bottnafjorden BeReSam och kretsar mycket kring fr\u00e5gor om hush\u00e5llsberedskap, lokal samverkan, vatten och mat.<\/p>\n\n\n\n<p class=\"wp-block-paragraph\">Projektledarna Jeanette och Marcus \u00e5ker runt i bygden och m\u00f6ter boende, producenter, f\u00f6reningar, forskare och andra akt\u00f6rer f\u00f6r samtal om vatten, mat, samverkan, trygghet och framtid \u2013 utifr\u00e5n m\u00e4nniskors egna perspektiv och erfarenheter.<\/p>\n\n\n\n<p class=\"wp-block-paragraph\">Musik: Erik Andersson<\/p>\n\n\n\n<p class=\"wp-block-paragraph\">Podden produceras inom projektet Bottnafjorden BeReSam, ett projekt av Bottnafjordens samh\u00e4llsf\u00f6rening.<\/p>\n<\/div>\n\n\n\n<hr class=\"wp-block-separator has-alpha-channel-opacity\"\/>\n\n\n\n<div class=\"wp-block-group alignwide has-global-padding is-layout-constrained wp-block-group-is-layout-constrained\">\n<div class=\"wp-block-query alignwide is-layout-flow wp-block-query-is-layout-flow\"><ul class=\"wp-block-post-template is-layout-flow wp-block-post-template-is-layout-flow\"><li class=\"wp-block-post post-493 post type-post status-publish format-standard has-post-thumbnail hentry category-podd\">\n\n<hr class=\"wp-block-separator has-text-color has-quaternary-color has-alpha-channel-opacity has-quaternary-background-color has-background alignwide is-style-wide\"\/>\n\n\n\n<div class=\"wp-block-columns are-vertically-aligned-center is-layout-flex wp-container-core-columns-is-layout-5fb07882 wp-block-columns-is-layout-flex\">\n<div class=\"wp-block-column is-vertically-aligned-center is-layout-flow wp-block-column-is-layout-flow\" style=\"flex-basis:100px\"><figure class=\"wp-block-post-featured-image\"><img loading=\"lazy\" decoding=\"async\" width=\"1000\" height=\"1000\" src=\"https:\/\/bottnafjordenssamhallsforening.se\/beresam\/wp-content\/uploads\/2026\/07\/Mellan-oss-Nr2.jpg\" class=\"attachment-post-thumbnail size-post-thumbnail wp-post-image\" alt=\"\" style=\"height:100px;width:100px;object-fit:cover;\" srcset=\"https:\/\/bottnafjordenssamhallsforening.se\/beresam\/wp-content\/uploads\/2026\/07\/Mellan-oss-Nr2.jpg 1000w, https:\/\/bottnafjordenssamhallsforening.se\/beresam\/wp-content\/uploads\/2026\/07\/Mellan-oss-Nr2-300x300.jpg 300w, https:\/\/bottnafjordenssamhallsforening.se\/beresam\/wp-content\/uploads\/2026\/07\/Mellan-oss-Nr2-150x150.jpg 150w, https:\/\/bottnafjordenssamhallsforening.se\/beresam\/wp-content\/uploads\/2026\/07\/Mellan-oss-Nr2-768x768.jpg 768w\" sizes=\"auto, (max-width: 1000px) 100vw, 1000px\" \/><\/figure><\/div>\n\n\n\n<div class=\"wp-block-column is-vertically-aligned-center is-layout-flow wp-block-column-is-layout-flow\">\n<div class=\"wp-block-columns alignwide are-vertically-aligned-center is-layout-flex wp-container-core-columns-is-layout-7bf8ab0e wp-block-columns-is-layout-flex\">\n<div class=\"wp-block-column is-vertically-aligned-center is-layout-flow wp-block-column-is-layout-flow\"><h2 class=\"wp-block-post-title has-large-font-size\"><a href=\"https:\/\/bottnafjordenssamhallsforening.se\/beresam\/poddavsnitt-2-kristoffer-och-johanna-wiberg-pa-bergs-gard\/\" target=\"_self\" >Poddavsnitt 2 &#8211; Kristoffer och Johanna Wiberg p\u00e5 Bergs G\u00e5rd<\/a><\/h2><\/div>\n\n\n\n<div class=\"wp-block-column is-vertically-aligned-center is-layout-flow wp-block-column-is-layout-flow\"><div class=\"has-text-align-left wp-block-post-date has-text-color has-secondary-color has-small-font-size\"><a href=\"https:\/\/bottnafjordenssamhallsforening.se\/beresam\/poddavsnitt-2-kristoffer-och-johanna-wiberg-pa-bergs-gard\/\"><time datetime=\"2026-07-27T21:04:18+02:00\">2026-07-27<\/time><\/a><\/div><\/div>\n\n\n\n<div class=\"wp-block-column is-layout-flow wp-block-column-is-layout-flow\"><div class=\"wp-block-post-excerpt has-tiny-font-size\"><p class=\"wp-block-post-excerpt__excerpt\">Andra avsnittet: En levande lantg\u00e5rd med m\u00e5nga str\u00e4ngar p\u00e5 lyran. I det h\u00e4r avsnittet m\u00f6ter vi Kristoffer och Johanna Wiberg p\u00e5 Bergs G\u00e5rd. Ett m\u00e5ngbruk mellan Tossene och \u00c4vja i Soten\u00e4s kommun. Vidare information utifr\u00e5n samtalet L\u00e4s och se mer av Kristoffer och Johannas g\u00e5rd h\u00e4r: Bergsfarm. Musiken i podden \u00e4r av och med Erik&hellip; <\/p><\/div><\/div>\n<\/div>\n<\/div>\n<\/div>\n\n<\/li><li class=\"wp-block-post post-464 post type-post status-publish format-standard has-post-thumbnail hentry category-podd\">\n\n<hr class=\"wp-block-separator has-text-color has-quaternary-color has-alpha-channel-opacity has-quaternary-background-color has-background alignwide is-style-wide\"\/>\n\n\n\n<div class=\"wp-block-columns are-vertically-aligned-center is-layout-flex wp-container-core-columns-is-layout-5fb07882 wp-block-columns-is-layout-flex\">\n<div class=\"wp-block-column is-vertically-aligned-center is-layout-flow wp-block-column-is-layout-flow\" style=\"flex-basis:100px\"><figure class=\"wp-block-post-featured-image\"><img loading=\"lazy\" decoding=\"async\" width=\"1995\" height=\"1995\" src=\"https:\/\/bottnafjordenssamhallsforening.se\/beresam\/wp-content\/uploads\/2026\/06\/Mellan-oss-Nr1.jpg\" class=\"attachment-post-thumbnail size-post-thumbnail wp-post-image\" alt=\"\" style=\"height:100px;width:100px;object-fit:cover;\" srcset=\"https:\/\/bottnafjordenssamhallsforening.se\/beresam\/wp-content\/uploads\/2026\/06\/Mellan-oss-Nr1.jpg 1995w, https:\/\/bottnafjordenssamhallsforening.se\/beresam\/wp-content\/uploads\/2026\/06\/Mellan-oss-Nr1-300x300.jpg 300w, https:\/\/bottnafjordenssamhallsforening.se\/beresam\/wp-content\/uploads\/2026\/06\/Mellan-oss-Nr1-1024x1024.jpg 1024w, https:\/\/bottnafjordenssamhallsforening.se\/beresam\/wp-content\/uploads\/2026\/06\/Mellan-oss-Nr1-150x150.jpg 150w, https:\/\/bottnafjordenssamhallsforening.se\/beresam\/wp-content\/uploads\/2026\/06\/Mellan-oss-Nr1-768x768.jpg 768w, https:\/\/bottnafjordenssamhallsforening.se\/beresam\/wp-content\/uploads\/2026\/06\/Mellan-oss-Nr1-1536x1536.jpg 1536w\" sizes=\"auto, (max-width: 1995px) 100vw, 1995px\" \/><\/figure><\/div>\n\n\n\n<div class=\"wp-block-column is-vertically-aligned-center is-layout-flow wp-block-column-is-layout-flow\">\n<div class=\"wp-block-columns alignwide are-vertically-aligned-center is-layout-flex wp-container-core-columns-is-layout-7bf8ab0e wp-block-columns-is-layout-flex\">\n<div class=\"wp-block-column is-vertically-aligned-center is-layout-flow wp-block-column-is-layout-flow\"><h2 class=\"wp-block-post-title has-large-font-size\"><a href=\"https:\/\/bottnafjordenssamhallsforening.se\/beresam\/poddavsnitt-1-konrad-gustavsson-herrgard\/\" target=\"_self\" >Poddavsnitt 1 &#8211; Konrad Gustafsson Herrg\u00e5rd<\/a><\/h2><\/div>\n\n\n\n<div class=\"wp-block-column is-vertically-aligned-center is-layout-flow wp-block-column-is-layout-flow\"><div class=\"has-text-align-left wp-block-post-date has-text-color has-secondary-color has-small-font-size\"><a href=\"https:\/\/bottnafjordenssamhallsforening.se\/beresam\/poddavsnitt-1-konrad-gustavsson-herrgard\/\"><time datetime=\"2026-06-17T11:09:23+02:00\">2026-06-17<\/time><\/a><\/div><\/div>\n\n\n\n<div class=\"wp-block-column is-layout-flow wp-block-column-is-layout-flow\"><div class=\"wp-block-post-excerpt has-tiny-font-size\"><p class=\"wp-block-post-excerpt__excerpt\">I det h\u00e4r avsnittet m\u00f6ter vi Konrad Gustafsson Herrg\u00e5rd som i sitt examensarbete 2024 unders\u00f6kte hush\u00e5llsberedskap i omr\u00e5det kring Bottnafjorden. <\/p><\/div><\/div>\n<\/div>\n<\/div>\n<\/div>\n\n<\/li><\/ul>\n\n\n<div class=\"wp-block-group has-global-padding is-layout-constrained wp-block-group-is-layout-constrained\" style=\"padding-top:20px\">\n<div class=\"wp-block-group alignwide is-layout-flow wp-block-group-is-layout-flow\">\n<hr class=\"wp-block-separator has-text-color has-tertiary-color has-alpha-channel-opacity has-tertiary-background-color has-background is-style-wide\"\/>\n\n\n\n<div class=\"wp-block-group is-layout-flow wp-block-group-is-layout-flow\" style=\"padding-top:0.11em;padding-bottom:0.11em\"><\/div>\n\n\n\n<hr class=\"wp-block-separator has-text-color has-tertiary-color has-alpha-channel-opacity has-tertiary-background-color has-background is-style-wide\"\/>\n<\/div>\n<\/div>\n<\/div>\n<\/div>\n\n\n\n<h5 class=\"wp-block-heading\">Podden har ocks\u00e5 ett eget Instagramkonto:<\/h5>\n\n\n\t\t<div id=\"instagram-gallery-feed-qligg-0\" class=\"instagram-gallery-feed\" data-feed=\"{&quot;id&quot;:&quot;qligg-0&quot;,&quot;account_id&quot;:&quot;27326709793624628&quot;,&quot;button&quot;:{&quot;display&quot;:true,&quot;text&quot;:&quot;Se p\\u00e5 Instagram&quot;,&quot;text_color&quot;:&quot;#ffff&quot;,&quot;background&quot;:&quot;&quot;,&quot;background_hover&quot;:&quot;&quot;},&quot;source&quot;:&quot;username&quot;,&quot;tag&quot;:&quot;wordpress&quot;,&quot;order_by&quot;:&quot;top_media&quot;,&quot;layout&quot;:&quot;gallery&quot;,&quot;limit&quot;:12,&quot;columns&quot;:3,&quot;spacing&quot;:10,&quot;lazy&quot;:false,&quot;responsive&quot;:{&quot;desktop&quot;:{&quot;columns&quot;:3,&quot;spacing&quot;:10},&quot;tablet&quot;:{&quot;columns&quot;:2,&quot;spacing&quot;:8},&quot;mobile&quot;:{&quot;columns&quot;:1,&quot;spacing&quot;:6},&quot;breakpoints&quot;:{&quot;tablet&quot;:768,&quot;mobile&quot;:480}},&quot;aspect_ratio&quot;:{&quot;width&quot;:1,&quot;height&quot;:1},&quot;highlight&quot;:{&quot;tag&quot;:&quot;&quot;,&quot;id&quot;:&quot;&quot;,&quot;position&quot;:&quot;1,3,5&quot;},&quot;reel&quot;:{&quot;hide&quot;:false},&quot;copyright&quot;:{&quot;hide&quot;:false,&quot;placeholder&quot;:&quot;&quot;},&quot;profile&quot;:{&quot;display&quot;:false,&quot;username&quot;:&quot;&quot;,&quot;nickname&quot;:&quot;&quot;,&quot;website&quot;:&quot;&quot;,&quot;biography&quot;:&quot;&quot;,&quot;link_text&quot;:&quot;Follow&quot;,&quot;website_text&quot;:&quot;Website&quot;,&quot;avatar&quot;:&quot;&quot;},&quot;box&quot;:{&quot;display&quot;:false,&quot;padding&quot;:1,&quot;radius&quot;:0,&quot;background&quot;:&quot;#fefefe&quot;,&quot;profile&quot;:false,&quot;desc&quot;:&quot;&quot;,&quot;text_color&quot;:&quot;#000000&quot;},&quot;mask&quot;:{&quot;display&quot;:true,&quot;background&quot;:&quot;#000000&quot;,&quot;icon_color&quot;:&quot;#ffffff&quot;,&quot;likes_count&quot;:true,&quot;comments_count&quot;:true},&quot;card&quot;:{&quot;display&quot;:false,&quot;radius&quot;:1,&quot;font_size&quot;:12,&quot;background&quot;:&quot;#ffffff&quot;,&quot;background_hover&quot;:&quot;&quot;,&quot;text_color&quot;:&quot;#000000&quot;,&quot;padding&quot;:5,&quot;likes_count&quot;:true,&quot;text_length&quot;:10,&quot;comments_count&quot;:true,&quot;text_align&quot;:&quot;left&quot;},&quot;carousel&quot;:{&quot;centered_slides&quot;:false,&quot;autoplay&quot;:false,&quot;autoplay_interval&quot;:3000,&quot;navarrows&quot;:true,&quot;navarrows_color&quot;:&quot;&quot;,&quot;pagination&quot;:true,&quot;pagination_color&quot;:&quot;&quot;},&quot;modal&quot;:{&quot;display&quot;:true,&quot;profile&quot;:true,&quot;media_description&quot;:true,&quot;likes_count&quot;:true,&quot;comments_count&quot;:true,&quot;comments_list&quot;:false,&quot;text_align&quot;:&quot;left&quot;,&quot;modal_align&quot;:&quot;right&quot;,&quot;text_length&quot;:10000,&quot;font_size&quot;:12},&quot;button_load&quot;:{&quot;display&quot;:false,&quot;text&quot;:&quot;Load more...&quot;,&quot;text_color&quot;:&quot;#ffff&quot;,&quot;background&quot;:&quot;&quot;,&quot;background_hover&quot;:&quot;&quot;}}\">\n\t\t<!-- <FeedContainer\/> -->\n\t\t<\/div>\n\t\t","protected":false},"excerpt":{"rendered":"<p>Mellan oss kring Bottnafjorden I podden tr\u00e4ffar vi m\u00e4nniskor i bygden runt Bottnafjorden f\u00f6r att f\u00e5nga kunskaper och erfarenheter kring beredskap, resiliens och h\u00e5llbara lokalsamh\u00e4llen. De f\u00f6rsta avsnitten tar avstamp i projektet Bottnafjorden BeReSam och kretsar mycket kring fr\u00e5gor om hush\u00e5llsberedskap, lokal samverkan, vatten och mat. Projektledarna Jeanette och Marcus \u00e5ker runt i bygden och [&hellip;]<\/p>\n","protected":false},"author":1,"featured_media":0,"parent":0,"menu_order":0,"comment_status":"closed","ping_status":"closed","template":"","meta":{"footnotes":""},"class_list":["post-370","page","type-page","status-publish","hentry"],"_links":{"self":[{"href":"https:\/\/bottnafjordenssamhallsforening.se\/beresam\/wp-json\/wp\/v2\/pages\/370","targetHints":{"allow":["GET"]}}],"collection":[{"href":"https:\/\/bottnafjordenssamhallsforening.se\/beresam\/wp-json\/wp\/v2\/pages"}],"about":[{"href":"https:\/\/bottnafjordenssamhallsforening.se\/beresam\/wp-json\/wp\/v2\/types\/page"}],"author":[{"embeddable":true,"href":"https:\/\/bottnafjordenssamhallsforening.se\/beresam\/wp-json\/wp\/v2\/users\/1"}],"replies":[{"embeddable":true,"href":"https:\/\/bottnafjordenssamhallsforening.se\/beresam\/wp-json\/wp\/v2\/comments?post=370"}],"version-history":[{"count":37,"href":"https:\/\/bottnafjordenssamhallsforening.se\/beresam\/wp-json\/wp\/v2\/pages\/370\/revisions"}],"predecessor-version":[{"id":482,"href":"https:\/\/bottnafjordenssamhallsforening.se\/beresam\/wp-json\/wp\/v2\/pages\/370\/revisions\/482"}],"wp:attachment":[{"href":"https:\/\/bottnafjordenssamhallsforening.se\/beresam\/wp-json\/wp\/v2\/media?parent=370"}],"curies":[{"name":"wp","href":"https:\/\/api.w.org\/{rel}","templated":true}]}}