{"id":15,"date":"2025-11-05T23:55:45","date_gmt":"2025-11-05T22:55:45","guid":{"rendered":"https:\/\/bottnafjordenssamhallsforening.se\/beresam\/?page_id=15"},"modified":"2026-08-17T11:50:20","modified_gmt":"2026-08-17T09:50:20","slug":"om-projektet","status":"publish","type":"page","link":"https:\/\/bottnafjordenssamhallsforening.se\/beresam\/om-projektet\/","title":{"rendered":"Om projektet"},"content":{"rendered":"\n<div class=\"wp-block-group is-nowrap is-layout-flex wp-container-core-group-is-layout-5fb07882 wp-block-group-is-layout-flex\">\n<figure class=\"wp-block-image aligncenter size-full\"><img loading=\"lazy\" decoding=\"async\" width=\"720\" height=\"185\" src=\"https:\/\/bottnafjordenssamhallsforening.se\/beresam\/wp-content\/uploads\/2025\/11\/logo-beresam25-farg.png\" alt=\"\" class=\"wp-image-47\" srcset=\"https:\/\/bottnafjordenssamhallsforening.se\/beresam\/wp-content\/uploads\/2025\/11\/logo-beresam25-farg.png 720w, https:\/\/bottnafjordenssamhallsforening.se\/beresam\/wp-content\/uploads\/2025\/11\/logo-beresam25-farg-300x77.png 300w\" sizes=\"auto, (max-width: 720px) 100vw, 720px\" \/><\/figure>\n<\/div>\n\n\n\n<div class=\"wp-block-group is-nowrap is-layout-flex wp-container-core-group-is-layout-5fb07882 wp-block-group-is-layout-flex\">\n<p class=\"wp-block-paragraph\"><strong>Bottnafjorden BeReSam<\/strong> \u2013 Beredskap, Resiliens*, Samverkan \u00e4r ett projekt f\u00f6r att st\u00e4rka traktens f\u00f6rm\u00e5ga att hantera kriser och ov\u00e4ntade h\u00e4ndelser samt utveckla ett mer h\u00e5llbart lokalsamh\u00e4lle.<\/p>\n<\/div>\n\n\n\n<p class=\"wp-block-paragraph\">I omr\u00e5det runt Bottnafjorden finns en enorm kraft: m\u00e4nniskor med erfarenhet, lokalk\u00e4nnedom, engagemang och praktisk kunskap om platsen vi delar. Den h\u00e4r satsningen handlar om att lyfta kunskap som redan finns, dela v\u00e5ra perspektiv och utveckla v\u00e5ra s\u00e4tt att st\u00f6tta varandra, ocks\u00e5 n\u00e4r f\u00f6ruts\u00e4ttningar f\u00f6r\u00e4ndras.<\/p>\n\n\n\n<p class=\"wp-block-paragraph\"><strong>Vi b\u00f6rjar med<\/strong> att unders\u00f6ka risker och m\u00f6jligheter kring vatten- och livsmedelsf\u00f6rs\u00f6rjning. Genom samtal och platsbes\u00f6k l\u00e4r vi av varandra &#8211; om brunnar, vattenk\u00e4llor, odlingsmark, producenter och hur f\u00f6ruts\u00e4ttningarna faktiskt ser ut h\u00e4r.<\/p>\n\n\n\n<p class=\"wp-block-paragraph\">Fokus ligger p\u00e5 att knyta samman m\u00e4nniskor, verksamheter och akt\u00f6rer. Att vi m\u00f6ts, delar erfarenheter och hittar v\u00e4gar att samverka mer. Utifr\u00e5n att det \u00e4r relationerna mellan oss som g\u00f6r ett lokalsamh\u00e4lle robust. F\u00f6r n\u00e4r vi f\u00f6rst\u00e5r varandras perspektiv kan vi ocks\u00e5 bygga nya l\u00f6sningar tillsammans.<\/p>\n\n\n\n<p class=\"wp-block-paragraph\"><strong>Fas ett<\/strong>: Vi b\u00f6rjar med att ta reda p\u00e5 vad vi har och vad vi saknar idag \u2013 f\u00f6r att tillsammans kunna st\u00e4rka beredskapen och resiliens runt Bottnafjorden. Projektets f\u00f6rsta del drivs av Bottnafjordens Samh\u00e4llsf\u00f6rening och p\u00e5g\u00e5r mellan 1 november 2025 och 30 juni 2026 med st\u00f6d fr\u00e5n <a href=\"https:\/\/www.vgregion.se\/regional-utveckling\/regional-utvecklingsstrategi\/\" target=\"_blank\" rel=\"noreferrer noopener\">V\u00e4stra G\u00f6talandsregionen<\/a>.<\/p>\n\n\n\n<p class=\"wp-block-paragraph\"><strong>Fas tv\u00e5<\/strong> i projektet b\u00f6rjar den 1 september 2026 och p\u00e5g\u00e5r fram till 31 december 2027 med st\u00f6d fr\u00e5n <a href=\"https:\/\/leaderbohuslan.se\/\">Leader Bohusl\u00e4n<\/a>. Den delen genomf\u00f6rs med <a href=\"http:\/\/www.tanum.se\">Tanums kommun<\/a> som projekt\u00e4gare i ett samverkansavtal med <a href=\"http:\/\/www.bottnafjordenssamhallsforening.se\">Bottnafjordens Samh\u00e4llsf\u00f6rening<\/a> som genomf\u00f6rare. I detta steg i projektet oms\u00e4tter vi erfarenheter, kartl\u00e4ggningen och lokala perspektiv i praktiska och kunskapsh\u00f6jande aktiviteter.<\/p>\n\n\n\n<p class=\"wp-block-paragraph\">Under projektets andra del planeras bland annat f\u00f6rel\u00e4sningar, workshops, studiebes\u00f6k och samtal kring lokal beredskap, vatten, livsmedelsf\u00f6rs\u00f6rjning och samverkan. Vi vill ocks\u00e5 ta fram en lokal beredskapsguide f\u00f6r omr\u00e5det och forts\u00e4tta utveckla n\u00e4tverk och former f\u00f6r samarbete mellan inv\u00e5nare, f\u00f6reningar, producenter och kommuner.<\/p>\n\n\n\n<p class=\"wp-block-paragraph\">M\u00e5let \u00e4r att st\u00e4rka b\u00e5de den praktiska beredskapen och de relationer som g\u00f6r att vi kan agera tillsammans n\u00e4r samh\u00e4llet uts\u00e4tts f\u00f6r p\u00e5frestningar.<\/p>\n\n\n\n<p class=\"wp-block-paragraph\">*<em>Resiliens \u00e4r ett samh\u00e4lles f\u00f6rm\u00e5ga att hantera st\u00f6rningar, anpassa sig till f\u00f6r\u00e4ndrade f\u00f6ruts\u00e4ttningar och \u00e5terh\u00e4mta sig efter kriser. Det bygger p\u00e5 b\u00e5de motst\u00e5ndskraft och flexibilitet \u2013 f\u00f6rm\u00e5gan att bevara det som \u00e4r viktigt samtidigt som man hittar nya s\u00e4tt att m\u00f6ta framtidens utmaningar.<\/em><\/p>\n\n\n\n<h4 class=\"wp-block-heading\"><strong>Referensgrupp och projektgrupp<\/strong><\/h4>\n\n\n\n<p class=\"wp-block-paragraph\">Som en del av arbetet i BeReSam har vi tv\u00e5 grupper som st\u00f6djer projektet p\u00e5 olika s\u00e4tt.<\/p>\n\n\n\n<p class=\"wp-block-paragraph\"><strong>Referensgruppen<\/strong> samlar representanter fr\u00e5n kommuner &#8211; <a href=\"http:\/\/www.tanum.se\">Tanum<\/a>, <a href=\"http:\/\/www.sotenas.se\">Soten\u00e4s<\/a> och <a href=\"http:\/\/www.munkedal.se\">Munkedal<\/a>, G\u00f6teborgs universitet, <a href=\"http:\/\/www.bottnafjordenssamhallsforening.se\">Bottnafjordens samh\u00e4llsf\u00f6rening<\/a> samt projektledningen. Syftet \u00e4r att ge projektet v\u00e4gledning, kvalitetss\u00e4kring och bred f\u00f6rankring. Gruppen bidrar med sakkunskap och perspektiv som hj\u00e4lper projektledningen att h\u00e5lla r\u00e4tt riktning i arbetet.<\/p>\n\n\n\n<p class=\"wp-block-paragraph\"><strong>Projektgruppen<\/strong> best\u00e5r av personer fr\u00e5n bygden som alla representerar en av hembygdsf\u00f6reningarna i omr\u00e5det. Gruppen fungerar som projektets operativa st\u00f6d. Gruppen bidrar med lokalkunskap, hj\u00e4lper projektledningen att hitta r\u00e4tt personer och platser och s\u00e4kerst\u00e4ller att kartl\u00e4ggningen genomf\u00f6rs p\u00e5 ett s\u00e4tt som \u00e4r relevant och rotat i lokala f\u00f6rh\u00e5llanden.<\/p>\n\n\n\n<p class=\"wp-block-paragraph\">Hembygdsf\u00f6reningarna och representanterna som \u00e4r med i projektgruppen:<\/p>\n\n\n\n<ul class=\"wp-block-list\">\n<li><a href=\"https:\/\/www.barfendal.se\/sub\/foreningar\/hembygd\/hembygd.htm\">B\u00e4rfendals hembygdsf\u00f6rening<\/a> &#8211; Anna Sunesson<\/li>\n\n\n\n<li><a href=\"https:\/\/bygdegardarna.se\/tossene\/\">Tossene byalag<\/a> &#8211; Ingela Nilsson<\/li>\n\n\n\n<li><a href=\"https:\/\/bovallstrand.com\/\">Bovallstrands hembygdsf\u00f6rening<\/a> &#8211; Marie Larsson<\/li>\n\n\n\n<li><a href=\"https:\/\/www.bottna.se\/om-bottna-hembygdsforening\/\">Bottna hembygdsf\u00f6rening<\/a> &#8211; Per Persson &amp; Leif Karlsson<\/li>\n\n\n\n<li><a href=\"https:\/\/www.hembygd.se\/svenneby-hembygdsforening\/about\">Svenneby hembygdsf\u00f6rening<\/a> &#8211; Sven-Olof Andersson<\/li>\n<\/ul>\n\n\n\n<p class=\"wp-block-paragraph\">Vi ser det som en dynamisk process d\u00e4r grupperna utforskar om det beh\u00f6ver fler kunskaper och perspektiv l\u00e4ngs v\u00e4gen vilket g\u00f6r att fler grupper kan bildas allt eftersom.<\/p>\n\n\n\n<p class=\"wp-block-paragraph\">Tillsammans utg\u00f6r grupperna en viktig del av arbetet med att st\u00e4rka Bottnafjordens lokala beredskap och resiliens.<\/p>\n\n\n\n<hr class=\"wp-block-separator has-alpha-channel-opacity\"\/>\n\n\n\n<h4 class=\"wp-block-heading\">Projektledning<\/h4>\n\n\n\n<div class=\"wp-block-group is-nowrap is-layout-flex wp-container-core-group-is-layout-5fb07882 wp-block-group-is-layout-flex\">\n<figure class=\"wp-block-image aligncenter size-large\"><img loading=\"lazy\" decoding=\"async\" width=\"1024\" height=\"771\" src=\"https:\/\/bottnafjordenssamhallsforening.se\/beresam\/wp-content\/uploads\/2025\/12\/Marcus-Jeanette-1024x771.jpeg\" alt=\"\" class=\"wp-image-57\" srcset=\"https:\/\/bottnafjordenssamhallsforening.se\/beresam\/wp-content\/uploads\/2025\/12\/Marcus-Jeanette-1024x771.jpeg 1024w, https:\/\/bottnafjordenssamhallsforening.se\/beresam\/wp-content\/uploads\/2025\/12\/Marcus-Jeanette-300x226.jpeg 300w, https:\/\/bottnafjordenssamhallsforening.se\/beresam\/wp-content\/uploads\/2025\/12\/Marcus-Jeanette-768x578.jpeg 768w, https:\/\/bottnafjordenssamhallsforening.se\/beresam\/wp-content\/uploads\/2025\/12\/Marcus-Jeanette-1536x1157.jpeg 1536w, https:\/\/bottnafjordenssamhallsforening.se\/beresam\/wp-content\/uploads\/2025\/12\/Marcus-Jeanette.jpeg 2048w\" sizes=\"auto, (max-width: 1024px) 100vw, 1024px\" \/><figcaption class=\"wp-element-caption\">Marcus Nordgren och Jeanette Karlsson<\/figcaption><\/figure>\n<\/div>\n\n\n\n<p class=\"wp-block-paragraph\">Jeanette Karlsson och Marcus Nordgren leder arbetet med BeReSam.&nbsp;<\/p>\n\n\n\n<p class=\"wp-block-paragraph\">Jeanette flyttade till omr\u00e5det 2016, ursprungligen f\u00f6r att bo en sommar i sin partners familjehus \u2013 men platsen och m\u00e4nniskorna gjorde snabbt ett st\u00f6rre intryck \u00e4n s\u00e5. Den \u00f6ppna, nyfikna och v\u00e4lkomnande atmosf\u00e4ren gjorde att hon tidigt k\u00e4nde sig som en del av bygden. Efter n\u00e5gra \u00e5r fann hon och hennes partner en liten g\u00e5rd, och sedan 2018 bor de d\u00e4r med sina tv\u00e5 barn. Jeanette har en bakgrund som kulturgeograf och har jobbat med integrationsfr\u00e5gor i Tanums kommun och p\u00e5 Fyrbodals kommunalf\u00f6rbund. Nu senast har hon bland annat varit processledare i det lokala platsutvecklingsprojektet <em>Samverkan Bottnafjorden<\/em>. Hon \u00e4r \u00e4ven utbildad handledare i sorgbearbetning och h\u00e5ller kurser som st\u00f6djer m\u00e4nniskor genom sorgeprocesser.<\/p>\n\n\n\n<p class=\"wp-block-paragraph\">Marcus flyttade till Bottna 2013, lockad av kombinationen av vild och vacker natur, levande kultur- och f\u00f6reningsliv och en landsbygd d\u00e4r sm\u00e5skaligt jordbruk och lokal matproduktion fortfarande \u00e4r en levande del av vardagen. Till vardags arbetar han med sitt f\u00f6retag som f\u00f6r\u00e4dlar lokala gr\u00f6dor, och hans engagemang f\u00f6r h\u00e5llbara livsmedelssystem och lokal omst\u00e4llning syns i mycket han g\u00f6r. Han \u00e4r dessutom aktiv i flera f\u00f6reningar, bland annat Bottnafjordens Ink\u00f6psf\u00f6rening och Bottnafjordens Kulturfestivalf\u00f6rening. Marcus \u00e4r ocks\u00e5 den som sk\u00f6ter utskicken <em>\u201cBottna f\u00f6r \u00f6vrigt\u2026\u201d<\/em>, som varje vecka samlar och sprider information om vad som h\u00e4nder i trakten.<\/p>\n\n\n\n<p class=\"wp-block-paragraph\">Tillsammans b\u00e4r Jeanette och Marcus en bred erfarenhet av lokal utveckling, h\u00e5llbarhet, matproduktion, sociala processer och gemenskapsbyggande. De kompletterar varandra med olika perspektiv men delar samma \u00f6vertygelse:<\/p>\n\n\n\n<p class=\"wp-block-paragraph\"><strong>Att den st\u00f6rsta kraften finns i m\u00e4nniskorna som bor h\u00e4r \u2013 i v\u00e5ra relationer, v\u00e5ra ber\u00e4ttelser och v\u00e5r vilja att bidra till n\u00e5got gemensamt.<\/strong><br><\/p>\n","protected":false},"excerpt":{"rendered":"<p>Bottnafjorden BeReSam \u2013 Beredskap, Resiliens*, Samverkan \u00e4r ett projekt f\u00f6r att st\u00e4rka traktens f\u00f6rm\u00e5ga att hantera kriser och ov\u00e4ntade h\u00e4ndelser samt utveckla ett mer h\u00e5llbart lokalsamh\u00e4lle. I omr\u00e5det runt Bottnafjorden finns en enorm kraft: m\u00e4nniskor med erfarenhet, lokalk\u00e4nnedom, engagemang och praktisk kunskap om platsen vi delar. Den h\u00e4r satsningen handlar om att lyfta kunskap som [&hellip;]<\/p>\n","protected":false},"author":1,"featured_media":0,"parent":0,"menu_order":0,"comment_status":"closed","ping_status":"closed","template":"","meta":{"footnotes":""},"class_list":["post-15","page","type-page","status-publish","hentry"],"_links":{"self":[{"href":"https:\/\/bottnafjordenssamhallsforening.se\/beresam\/wp-json\/wp\/v2\/pages\/15","targetHints":{"allow":["GET"]}}],"collection":[{"href":"https:\/\/bottnafjordenssamhallsforening.se\/beresam\/wp-json\/wp\/v2\/pages"}],"about":[{"href":"https:\/\/bottnafjordenssamhallsforening.se\/beresam\/wp-json\/wp\/v2\/types\/page"}],"author":[{"embeddable":true,"href":"https:\/\/bottnafjordenssamhallsforening.se\/beresam\/wp-json\/wp\/v2\/users\/1"}],"replies":[{"embeddable":true,"href":"https:\/\/bottnafjordenssamhallsforening.se\/beresam\/wp-json\/wp\/v2\/comments?post=15"}],"version-history":[{"count":26,"href":"https:\/\/bottnafjordenssamhallsforening.se\/beresam\/wp-json\/wp\/v2\/pages\/15\/revisions"}],"predecessor-version":[{"id":505,"href":"https:\/\/bottnafjordenssamhallsforening.se\/beresam\/wp-json\/wp\/v2\/pages\/15\/revisions\/505"}],"wp:attachment":[{"href":"https:\/\/bottnafjordenssamhallsforening.se\/beresam\/wp-json\/wp\/v2\/media?parent=15"}],"curies":[{"name":"wp","href":"https:\/\/api.w.org\/{rel}","templated":true}]}}